{"id":16,"date":"2025-02-06T18:59:53","date_gmt":"2025-02-06T17:59:53","guid":{"rendered":"https:\/\/pmjecken.de\/?page_id=16"},"modified":"2026-01-12T17:22:16","modified_gmt":"2026-01-12T16:22:16","slug":"termine","status":"publish","type":"page","link":"https:\/\/pmjecken.de\/?page_id=16","title":{"rendered":"Termine"},"content":{"rendered":"\n<p><strong>01.02.2025: Jeck\u00b2 Die Paulsm\u00fchler Jecken und die KG R\u00e4bbelche pr\u00e4sentieren die Karnevalssitzung im Bunker:<\/strong> Karten unter: <a href=\"https:\/\/www.kgraebbelche.de\/kartenverkauf\" data-type=\"link\" data-id=\"https:\/\/www.kgraebbelche.de\/kartenverkauf\">https:\/\/www.kgraebbelche.de\/kartenverkauf<\/a><\/p>\n\n\n\n<figure class=\"wp-block-image size-large\"><img loading=\"lazy\" decoding=\"async\" width=\"728\" height=\"1024\" src=\"https:\/\/pmjecken.de\/wp-content\/uploads\/2025\/09\/2026PMJ_Naerrisches-Duesseldorf-728x1024.jpeg\" alt=\"\" class=\"wp-image-245\"\/><\/figure>\n\n\n\n<p><\/p>\n\n\n\n<p><strong>14.02.2026<\/strong>: 14 Uhr Veedelszoch in der Paulsm\u00fchle &#8211; Anschlie\u00dfend: After-Zug-Party im und am Bunker!<\/p>\n\n\n\n<p><strong>15.02.2026<\/strong>: Die Pauls-M\u00fchler Jecken sind auch beim Veedelszoch in Reisholz\/Hassels dabei!#<\/p>\n\n\n\n<p><strong>16.02.2026: PREMIERE!!! Die PMJ sind im Rosenmontagszug dabei!!!<\/strong><\/p>\n\n\n\n<h2 class=\"wp-block-heading has-text-align-center\"># # # schon gelaufende Termine # # #<\/h2>\n\n\n\n<div class=\"wp-block-group alignfull has-mono-4-background-color has-background\" style=\"padding-top:var(--wp--preset--spacing--superbspacing-xxlarge);padding-right:var(--wp--preset--spacing--superbspacing-small);padding-bottom:120px;padding-left:var(--wp--preset--spacing--superbspacing-small)\"><div class=\"wp-block-group__inner-container is-layout-constrained wp-container-core-group-is-layout-8b950f18 wp-block-group-is-layout-constrained\">\n<div class=\"wp-block-group alignwide is-vertical is-content-justification-center is-layout-flex wp-container-core-group-is-layout-6a200439 wp-block-group-is-layout-flex\">\n<h4 class=\"wp-block-heading has-text-align-center has-primary-color has-text-color has-superbfont-xxsmall-font-size\" style=\"font-style:normal;font-weight:700;letter-spacing:5px;text-transform:uppercase\"><mark style=\"background-color:rgba(0, 0, 0, 0)\" class=\"has-inline-color has-vivid-red-color\">Party im Bunker<\/mark><\/h4>\n\n\n\n<figure class=\"wp-block-image size-full\"><img loading=\"lazy\" decoding=\"async\" width=\"595\" height=\"842\" src=\"https:\/\/pmjecken.de\/wp-content\/uploads\/2025\/03\/2025_TIDM_CMYK_mit_Bohrung_.png\" alt=\"\" class=\"wp-image-170\" srcset=\"https:\/\/pmjecken.de\/wp-content\/uploads\/2025\/03\/2025_TIDM_CMYK_mit_Bohrung_.png 595w, https:\/\/pmjecken.de\/wp-content\/uploads\/2025\/03\/2025_TIDM_CMYK_mit_Bohrung_-212x300.png 212w, https:\/\/pmjecken.de\/wp-content\/uploads\/2025\/03\/2025_TIDM_CMYK_mit_Bohrung_-300x425.png 300w\" sizes=\"auto, (max-width: 595px) 100vw, 595px\" \/><\/figure>\n\n\n\n<p class=\"has-text-align-center has-secondary-color has-text-color has-superbfont-medium-font-size\">Traditionell findet am 30.04.2025 der Tanz in den Mai im Bunker statt.<\/p>\n<\/div>\n<\/div><\/div>\n\n\n\n<div class=\"wp-block-group alignfull\"><div class=\"wp-block-group__inner-container is-layout-flow wp-block-group-is-layout-flow\">\n<div class=\"wp-block-group alignfull has-mono-4-background-color has-background\" style=\"padding-top:var(--wp--preset--spacing--superbspacing-xxlarge);padding-right:var(--wp--preset--spacing--superbspacing-small);padding-bottom:120px;padding-left:var(--wp--preset--spacing--superbspacing-small)\"><div class=\"wp-block-group__inner-container is-layout-constrained wp-container-core-group-is-layout-8b950f18 wp-block-group-is-layout-constrained\">\n<div class=\"wp-block-group alignwide is-vertical is-content-justification-center is-layout-flex wp-container-core-group-is-layout-6a200439 wp-block-group-is-layout-flex\">\n<h4 class=\"wp-block-heading has-text-align-center has-primary-color has-text-color has-superbfont-xxsmall-font-size\" style=\"font-style:normal;font-weight:700;letter-spacing:5px;text-transform:uppercase\">Karneval<\/h4>\n\n\n\n<h2 class=\"wp-block-heading has-text-align-center has-contrast-color has-text-color has-superbfont-xlarge-font-size\">Veedelszoch<\/h2>\n\n\n\n<p><strong><mark style=\"background-color:rgba(0, 0, 0, 0)\" class=\"has-inline-color has-vivid-red-color\">Samstag 01.03.2025<\/mark><\/strong><\/p>\n\n\n\n<p class=\"has-text-align-center has-secondary-color has-text-color has-superbfont-medium-font-size\">Der gro\u00dfe Karnevalszug zieht durch die Paulsm\u00fchle.<\/p>\n\n\n\n<p>Mit Party vor dem Bunker von 11 bis 18 Uhr.<\/p>\n<\/div>\n\n\n\n<div class=\"wp-block-buttons alignwide is-content-justification-center is-layout-flex wp-container-core-buttons-is-layout-3bc765ea wp-block-buttons-is-layout-flex\">\n<div class=\"wp-block-button is-style-fill\"><a class=\"wp-block-button__link has-superbfont-small-font-size has-custom-font-size wp-element-button\" href=\"https:\/\/pmjecken.de\/?p=52\">Zur Zoch-Info<\/a><\/div>\n<\/div>\n<\/div><\/div>\n\n\n\n<p><\/p>\n<\/div><\/div>\n\n\n\n<div class=\"wp-block-group alignfull\"><div class=\"wp-block-group__inner-container is-layout-flow wp-block-group-is-layout-flow\">\n<div class=\"wp-block-group alignfull has-mono-4-background-color has-background\" style=\"padding-top:var(--wp--preset--spacing--superbspacing-xxlarge);padding-right:var(--wp--preset--spacing--superbspacing-small);padding-bottom:120px;padding-left:var(--wp--preset--spacing--superbspacing-small)\"><div class=\"wp-block-group__inner-container is-layout-constrained wp-container-core-group-is-layout-8b950f18 wp-block-group-is-layout-constrained\">\n<div class=\"wp-block-group alignwide is-vertical is-content-justification-center is-layout-flex wp-container-core-group-is-layout-6a200439 wp-block-group-is-layout-flex\">\n<h4 class=\"wp-block-heading has-text-align-center has-primary-color has-text-color has-superbfont-xxsmall-font-size\" style=\"font-style:normal;font-weight:700;letter-spacing:5px;text-transform:uppercase\">Karneval<\/h4>\n\n\n\n<h2 class=\"wp-block-heading has-text-align-center has-contrast-color has-text-color has-superbfont-xlarge-font-size\">Kinder Karneval<\/h2>\n\n\n\n<p>Am <strong>22.02.2025<\/strong> &#8211; Einlass 13:30 Uhr <\/p>\n\n\n\n<p class=\"has-text-align-center has-secondary-color has-text-color has-superbfont-medium-font-size\">Der Kinder Karneval im Bunker ist immer etwas besonderes. <\/p>\n\n\n\n<p>Es ist das Heimspiel der Kinder Tanzgarde der Paulsm\u00fchler Jecken, die sehr aufgeregt sind in ihrem Bunker ihren gro\u00dfen Auftritt zu haben.<\/p>\n\n\n\n<p>Dazu kommen noch weitere Attraktionen wie der Ballon K\u00fcnstler, eine Bastelecke und vieles mehr.<\/p>\n\n\n\n<p>F\u00fcr Verpflegung ist auch gesorgt.<\/p>\n<\/div>\n\n\n\n<div class=\"wp-block-buttons alignwide is-content-justification-center is-layout-flex wp-container-core-buttons-is-layout-3bc765ea wp-block-buttons-is-layout-flex\">\n<div class=\"wp-block-button is-style-fill\"><a class=\"wp-block-button__link has-superbfont-small-font-size has-custom-font-size wp-element-button\" href=\"https:\/\/pmjecken.de\/?p=91\">Zur Gallerie<\/a><\/div>\n<\/div>\n<\/div><\/div>\n<\/div><\/div>\n","protected":false},"excerpt":{"rendered":"<p>01.02.2025: Jeck\u00b2 Die Paulsm\u00fchler Jecken und die KG R\u00e4bbelche pr\u00e4sentieren die Karnevalssitzung im Bunker: Karten unter: https:\/\/www.kgraebbelche.de\/kartenverkauf 14.02.2026: 14 Uhr Veedelszoch in der Paulsm\u00fchle &#8211; Anschlie\u00dfend: After-Zug-Party im und am&#8230;<\/p>\n","protected":false},"author":1,"featured_media":0,"parent":0,"menu_order":0,"comment_status":"closed","ping_status":"closed","template":"","meta":{"footnotes":""},"class_list":["post-16","page","type-page","status-publish","hentry"],"_links":{"self":[{"href":"https:\/\/pmjecken.de\/index.php?rest_route=\/wp\/v2\/pages\/16","targetHints":{"allow":["GET"]}}],"collection":[{"href":"https:\/\/pmjecken.de\/index.php?rest_route=\/wp\/v2\/pages"}],"about":[{"href":"https:\/\/pmjecken.de\/index.php?rest_route=\/wp\/v2\/types\/page"}],"author":[{"embeddable":true,"href":"https:\/\/pmjecken.de\/index.php?rest_route=\/wp\/v2\/users\/1"}],"replies":[{"embeddable":true,"href":"https:\/\/pmjecken.de\/index.php?rest_route=%2Fwp%2Fv2%2Fcomments&post=16"}],"version-history":[{"count":14,"href":"https:\/\/pmjecken.de\/index.php?rest_route=\/wp\/v2\/pages\/16\/revisions"}],"predecessor-version":[{"id":332,"href":"https:\/\/pmjecken.de\/index.php?rest_route=\/wp\/v2\/pages\/16\/revisions\/332"}],"wp:attachment":[{"href":"https:\/\/pmjecken.de\/index.php?rest_route=%2Fwp%2Fv2%2Fmedia&parent=16"}],"curies":[{"name":"wp","href":"https:\/\/api.w.org\/{rel}","templated":true}]}}