{"id":70,"date":"2025-02-13T14:21:26","date_gmt":"2025-02-13T13:21:26","guid":{"rendered":"https:\/\/pmjecken.de\/?page_id=70"},"modified":"2025-02-13T14:21:57","modified_gmt":"2025-02-13T13:21:57","slug":"wir-die-paulsmuehler-jecken","status":"publish","type":"page","link":"https:\/\/pmjecken.de\/?page_id=70","title":{"rendered":"Wir &#8211; die Paulsm\u00fchler Jecken"},"content":{"rendered":"\n<p>Die Paulsm\u00fchler Jecken sind ein gemeinn\u00fctziger Verein aus D\u00fcsseldorf-Benrath, der seit 1975 besteht. Sie organisieren traditionell am Karnevalssamstag den Veedelszoch durch das Viertel Paulsm\u00fchle. Trotz zahlreicher Herausforderungen, wie etwa Baustellen im Viertel, gelang es ihnen auch 2024, den Umzug mit einer angepassten Route durchzuf\u00fchren.<\/p>\n\n\n\n<p>Der Verein hat seinen Sitz im Bunker Paulsm\u00fchle, einer Eventlocation f\u00fcr Konzerte, Partys und andere Veranstaltungen. Dieser Bunker steht unter Denkmalschutz und dient den Paulsm\u00fchler Jecken als Vereinsheim.<\/p>\n\n\n\n<p>Einige Leute aus der Paulsm\u00fchle in D\u00fcsseldorf stecken sehr viel Energie in den Verein, um was Gutes f\u00fcr das Viertel zu tun. In erster Linie f\u00fcr die Kinder.<\/p>\n\n\n\n<p>Wenn jemand interessiert ist mitzumachen, einfach melden unter:  info(at)pmjecken.de.<\/p>\n","protected":false},"excerpt":{"rendered":"<p>Die Paulsm\u00fchler Jecken sind ein gemeinn\u00fctziger Verein aus D\u00fcsseldorf-Benrath, der seit 1975 besteht. Sie organisieren traditionell am Karnevalssamstag den Veedelszoch durch das Viertel Paulsm\u00fchle. Trotz zahlreicher Herausforderungen, wie etwa Baustellen&#8230;<\/p>\n","protected":false},"author":3,"featured_media":0,"parent":0,"menu_order":0,"comment_status":"closed","ping_status":"closed","template":"","meta":{"footnotes":""},"class_list":["post-70","page","type-page","status-publish","hentry"],"_links":{"self":[{"href":"https:\/\/pmjecken.de\/index.php?rest_route=\/wp\/v2\/pages\/70","targetHints":{"allow":["GET"]}}],"collection":[{"href":"https:\/\/pmjecken.de\/index.php?rest_route=\/wp\/v2\/pages"}],"about":[{"href":"https:\/\/pmjecken.de\/index.php?rest_route=\/wp\/v2\/types\/page"}],"author":[{"embeddable":true,"href":"https:\/\/pmjecken.de\/index.php?rest_route=\/wp\/v2\/users\/3"}],"replies":[{"embeddable":true,"href":"https:\/\/pmjecken.de\/index.php?rest_route=%2Fwp%2Fv2%2Fcomments&post=70"}],"version-history":[{"count":2,"href":"https:\/\/pmjecken.de\/index.php?rest_route=\/wp\/v2\/pages\/70\/revisions"}],"predecessor-version":[{"id":72,"href":"https:\/\/pmjecken.de\/index.php?rest_route=\/wp\/v2\/pages\/70\/revisions\/72"}],"wp:attachment":[{"href":"https:\/\/pmjecken.de\/index.php?rest_route=%2Fwp%2Fv2%2Fmedia&parent=70"}],"curies":[{"name":"wp","href":"https:\/\/api.w.org\/{rel}","templated":true}]}}